{"id":184,"date":"2022-03-28T23:08:09","date_gmt":"2022-03-28T21:08:09","guid":{"rendered":"http:\/\/new.ecolesaintjosephdardilly.fr\/?page_id=184"},"modified":"2025-07-05T12:18:05","modified_gmt":"2025-07-05T10:18:05","slug":"ogec","status":"publish","type":"page","link":"https:\/\/www.ecolesaintjosephdardilly.fr\/index.php\/ogec\/","title":{"rendered":"OGEC"},"content":{"rendered":"\n<p><strong>Les missions de l\u2019OGEC<\/strong><br>L\u2019Organisme de Gestion de l\u2019\u00c9cole Catholique (O.G.E.C.) est une association de loi 1901 statutaire de l\u2019enseignement catholique dont la mission est d\u2019\u00eatre au service d\u2019un projet d\u2019\u00e9cole. Il&nbsp;est responsable, en lien \u00e9troit avec le chef d\u2019\u00e9tablissement, de l\u2019esprit de l\u2019\u00e9cole et de son statut d\u2019\u00e9cole catholique sous tutelle dioc\u00e9saine. C\u2019est l\u2019organisme qui g\u00e8re \u00e9conomiquement, financi\u00e8rement et socialement l\u2019\u00e9cole. Il collecte la contribution des familles aux frais de scolarit\u00e9, \u00e0 la cantine, aux frais de garde,\u2026 ainsi que le forfait vers\u00e9 par la commune. Avec ces ressources, il se donne pour but de financer le projet p\u00e9dagogique de l\u2019\u00e9tablissement, dans le respect des grands \u00e9quilibres \u00e9conomiques et financiers. Au titre de ses missions, il assure&nbsp;:<\/p>\n\n\n\n<ul>\n<li>L\u2019embauche et la r\u00e9mun\u00e9ration du personnel non enseignant (secr\u00e9taire, assistantes en maternelle, surveillants, intervenants en anglais\u2026)<\/li>\n\n\n\n<li>La n\u00e9gociation des frais d\u2019entretien et de fonctionnement du b\u00e2timent (m\u00e9nage, \u00e9lectricit\u00e9, s\u00e9curit\u00e9 incendie, entretien courant\u2026)<\/li>\n\n\n\n<li>L\u2019investissement dans le mobilier et l\u2019\u00e9quipement p\u00e9dagogique de l\u2019\u00e9cole<\/li>\n\n\n\n<li>Le choix, apr\u00e8s mise en concurrence, et le paiement de l\u2019entreprise qui assure la r\u00e9alisation des repas pour la cantine.<\/li>\n\n\n\n<li>Les imp\u00f4ts, taxes et cotisations diverses\u2026<\/li>\n\n\n\n<li>Le&nbsp;lien avec les diff\u00e9rents partenaires (mairie, direction de l\u2019enseignement catholique)<\/li>\n<\/ul>\n\n\n\n<p><strong>Le fonctionnement de l\u2019OGEC<\/strong><br>l\u2019OGEC est administr\u00e9 par des parents d\u2019\u00e9l\u00e8ves b\u00e9n\u00e9voles. Il rend compte de sa gestion en premier lieu devant le Directeur dioc\u00e9sain de l\u2019enseignement catholique, mais aussi devant le Pr\u00e9sident de l\u2019APEL et devant le repr\u00e9sentant de l\u2019<a rel=\"noreferrer noopener\" href=\"https:\/\/nam12.safelinks.protection.outlook.com\/?url=https%3A%2F%2Fwww.uniogec.fr%2F&amp;data=05%7C01%7C%7C6632d2ef8b6440835ead08da535725b4%7C84df9e7fe9f640afb435aaaaaaaaaaaa%7C1%7C0%7C637913931018360388%7CUnknown%7CTWFpbGZsb3d8eyJWIjoiMC4wLjAwMDAiLCJQIjoiV2luMzIiLCJBTiI6Ik1haWwiLCJXVCI6Mn0%3D%7C3000%7C%7C%7C&amp;sdata=%2BAVC5%2B%2FaRBCMpMtI3HUJweBPkefAbT8RxUoejOwcPEA%3D&amp;reserved=0\" target=\"_blank\">UNIOGEC<\/a>, qui sont tous trois membres de droit de son Conseil d\u2019administration. L\u2019OGEC collabore avec le chef d\u2019\u00e9tablissement pour favoriser l\u2019exercice de ses fonctions telles qu\u2019elles r\u00e9sultent de sa lettre de mission dioc\u00e9saine, et lui donne les d\u00e9l\u00e9gations adapt\u00e9es \u00e0 l\u2019exercice de sa responsabilit\u00e9. R\u00e9ciproquement, le chef d\u2019\u00e9tablissement respecte les d\u00e9cisions \u00e9conomiques et financi\u00e8res prises par l\u2019OGEC.<br>Le&nbsp;conseil d\u2019administration&nbsp;est \u00e9lu lors d\u2019une assembl\u00e9e g\u00e9n\u00e9rale chaque ann\u00e9e.Il est compos\u00e9 d\u2019un bureau (un pr\u00e9sident, un tr\u00e9sorier, un secr\u00e9taire) qui demeure la \u201ccheville ouvri\u00e8re\u201d, et de membres charg\u00e9s de valider les grandes orientations.<\/p>\n\n\n\n<ul>\n<li>\u00catre membre du conseil d&#8217;Administration de l&#8217;OGEC, c&#8217;est:<\/li>\n\n\n\n<li>entrer dans la communaut\u00e9 \u00e9ducative<\/li>\n\n\n\n<li>s&#8217;int\u00e9resser au fonctionnement de l&#8217;\u00e9cole<\/li>\n\n\n\n<li>participer \u00e0 la gestion de l&#8217;\u00e9tablissement<\/li>\n<\/ul>\n\n\n\n<p>Les personnes int\u00e9ress\u00e9es pour s\u2019impliquer dans la gestion de l\u2019\u00e9tablissement et lui apporter leur comp\u00e9tence et leur \u00e9nergie sont invit\u00e9es \u00e0 se faire conna\u00eetre aupr\u00e8s du pr\u00e9sident de l\u2019OGEC.<\/p>\n\n\n\n<ul>\n<li>Le pr\u00e9sident : Louis de Chant\u00e9rac<\/li>\n\n\n\n<li>Le tr\u00e9sorier : Gr\u00e9goire Griot<\/li>\n\n\n\n<li>Le secr\u00e9taire : Vincent Maurel<\/li>\n<\/ul>\n","protected":false},"excerpt":{"rendered":"<p>Les missions de l\u2019OGECL\u2019Organisme de Gestion de l\u2019\u00c9cole Catholique (O.G.E.C.) est une association de loi 1901 statutaire de l\u2019enseignement catholique dont la mission est d\u2019\u00eatre [&hellip;]<\/p>\n","protected":false},"author":2,"featured_media":0,"parent":0,"menu_order":0,"comment_status":"closed","ping_status":"closed","template":"","meta":[],"_links":{"self":[{"href":"https:\/\/www.ecolesaintjosephdardilly.fr\/index.php\/wp-json\/wp\/v2\/pages\/184"}],"collection":[{"href":"https:\/\/www.ecolesaintjosephdardilly.fr\/index.php\/wp-json\/wp\/v2\/pages"}],"about":[{"href":"https:\/\/www.ecolesaintjosephdardilly.fr\/index.php\/wp-json\/wp\/v2\/types\/page"}],"author":[{"embeddable":true,"href":"https:\/\/www.ecolesaintjosephdardilly.fr\/index.php\/wp-json\/wp\/v2\/users\/2"}],"replies":[{"embeddable":true,"href":"https:\/\/www.ecolesaintjosephdardilly.fr\/index.php\/wp-json\/wp\/v2\/comments?post=184"}],"version-history":[{"count":10,"href":"https:\/\/www.ecolesaintjosephdardilly.fr\/index.php\/wp-json\/wp\/v2\/pages\/184\/revisions"}],"predecessor-version":[{"id":947,"href":"https:\/\/www.ecolesaintjosephdardilly.fr\/index.php\/wp-json\/wp\/v2\/pages\/184\/revisions\/947"}],"wp:attachment":[{"href":"https:\/\/www.ecolesaintjosephdardilly.fr\/index.php\/wp-json\/wp\/v2\/media?parent=184"}],"curies":[{"name":"wp","href":"https:\/\/api.w.org\/{rel}","templated":true}]}}